{"id":876,"date":"2022-08-05T08:36:10","date_gmt":"2022-08-05T08:36:10","guid":{"rendered":"https:\/\/dosllunes.com\/sobre-nosotros\/"},"modified":"2025-01-09T11:44:16","modified_gmt":"2025-01-09T11:44:16","slug":"about-us","status":"publish","type":"page","link":"https:\/\/dosllunes.com\/en\/about-us\/","title":{"rendered":"About Us"},"content":{"rendered":"<p>[et_pb_section fb_built=&#8221;1&#8243; fullwidth=&#8221;on&#8221; custom_padding_last_edited=&#8221;on|phone&#8221; disabled_on=&#8221;off|off|off&#8221; admin_label=&#8221;Header Section&#8221; _builder_version=&#8221;4.21.2&#8243; background_enable_color=&#8221;off&#8221; background_image=&#8221;https:\/\/dosllunes.com\/wp-content\/uploads\/2022\/08\/Alex-y-Reme-Propietarios-de-LES-DOS-LLUNES-en-Oliva.jpg&#8221; background_position=&#8221;top_center&#8221; background_enable_video_mp4=&#8221;off&#8221; transform_scale_tablet=&#8221;&#8221; transform_scale_phone=&#8221;&#8221; transform_scale_last_edited=&#8221;on|phone&#8221; transform_translate_tablet=&#8221;&#8221; transform_translate_phone=&#8221;0px|70px&#8221; transform_translate_last_edited=&#8221;on|phone&#8221; transform_translate_linked=&#8221;off&#8221; transform_rotate_tablet=&#8221;&#8221; transform_rotate_phone=&#8221;&#8221; transform_rotate_last_edited=&#8221;on|phone&#8221; transform_skew_tablet=&#8221;&#8221; transform_skew_phone=&#8221;&#8221; transform_skew_last_edited=&#8221;on|phone&#8221; transform_origin_tablet=&#8221;&#8221; transform_origin_phone=&#8221;&#8221; transform_origin_last_edited=&#8221;on|phone&#8221; transform_styles_last_edited=&#8221;on|phone&#8221; module_alignment=&#8221;center&#8221; custom_margin=&#8221;||||false|false&#8221; custom_margin_tablet=&#8221;||||false|false&#8221; custom_margin_phone=&#8221;||||false|false&#8221; custom_margin_last_edited=&#8221;on|phone&#8221; custom_padding=&#8221;200px||600px||false|false&#8221; custom_padding_tablet=&#8221;300px||500px||false|false&#8221; custom_padding_phone=&#8221;300px||0px||false|false&#8221; background_last_edited=&#8221;on|phone&#8221; transform_styles_tablet=&#8221;&#8221; transform_styles_phone=&#8221;&#8221; global_colors_info=&#8221;{}&#8221;][\/et_pb_section][et_pb_section fb_built=&#8221;1&#8243; disabled_on=&#8221;on|on|on&#8221; _builder_version=&#8221;4.18.0&#8243; _module_preset=&#8221;default&#8221; background_color=&#8221;#E00B7E&#8221; custom_padding=&#8221;0px||0px||true|false&#8221; disabled=&#8221;on&#8221; global_colors_info=&#8221;{}&#8221;][et_pb_row _builder_version=&#8221;4.18.0&#8243; _module_preset=&#8221;default&#8221; custom_padding=&#8221;8px||8px||true|false&#8221; global_colors_info=&#8221;{}&#8221;][et_pb_column type=&#8221;4_4&#8243; _builder_version=&#8221;4.18.0&#8243; _module_preset=&#8221;default&#8221; global_colors_info=&#8221;{}&#8221;][et_pb_text _builder_version=&#8221;4.18.0&#8243; _module_preset=&#8221;default&#8221; text_font=&#8221;Oswald|700|||||||&#8221; text_text_color=&#8221;#FFFFFF&#8221; text_font_size=&#8221;25px&#8221; text_orientation=&#8221;center&#8221; global_colors_info=&#8221;{}&#8221;]Closed for rest from January 23 to February 9[\/et_pb_text][\/et_pb_column][\/et_pb_row][\/et_pb_section][et_pb_section fb_built=&#8221;1&#8243; admin_label=&#8221;seccion&#8221; _builder_version=&#8221;4.18.0&#8243; background_enable_color=&#8221;off&#8221; use_background_color_gradient=&#8221;on&#8221; background_color_gradient_type=&#8221;circular&#8221; background_color_gradient_stops=&#8221;#ffffff 0%|rgba(182, 235, 226, 0.83) 48%|rgba(41,196,169,0.5) 82%|rgba(41,196,169,0.13) 100%&#8221; background_image=&#8221;http:\/\/nueva.dosllunes.com\/wp-content\/uploads\/2022\/08\/Diapositiva3.jpg&#8221; background_blend=&#8221;lighten&#8221; custom_padding=&#8221;35px|0px|80px|0px|false|false&#8221; background_last_edited=&#8221;on|phone&#8221; use_background_color_gradient_phone=&#8221;on&#8221; background_color_gradient_stops_phone=&#8221;#ffffff 0%|rgba(182, 235, 226, 0.83) 59%|rgba(41,196,169,0.5) 100%|rgba(41,196,169,0.13) 100%&#8221; parallax_phone=&#8221;off&#8221; background_size_phone=&#8221;cover&#8221; background_image_width_phone=&#8221;100%&#8221; background_image_height_phone=&#8221;10%&#8221; background_position_phone=&#8221;bottom_left&#8221; global_colors_info=&#8221;{}&#8221;][et_pb_row _builder_version=&#8221;4.17.6&#8243; _module_preset=&#8221;default&#8221; global_colors_info=&#8221;{}&#8221;][et_pb_column type=&#8221;4_4&#8243; _builder_version=&#8221;4.17.6&#8243; _module_preset=&#8221;default&#8221; global_colors_info=&#8221;{}&#8221;][dsm_animated_gradient_text animated_gradient_text=&#8221;les dos llunes, una historia de pasi\u00f3n por la cocina desde 1997&#8243; heading_html_tag=&#8221;h1&#8243; gradient_two_color=&#8221;gcid-abb6fe42-8f6a-4a63-8617-cc77855943d9&#8243; gradient_three_color=&#8221;gcid-2cc79532-d9e9-45c0-b692-e3d4e32d6745&#8243; gradient_four_color=&#8221;#0C71C3&#8243; animated_gradient_text_tablet=&#8221;les dos llunes, una historia de pasi\u00f3n por la cocina desde 1997&#8243; animated_gradient_text_phone=&#8221;les dos llunes, una historia de pasi\u00f3n por la cocina desde 1997&#8243; animated_gradient_text_last_edited=&#8221;on|desktop&#8221; _builder_version=&#8221;4.17.6&#8243; _module_preset=&#8221;default&#8221; header_font=&#8221;Oswald|500||||on|||&#8221; header_text_align=&#8221;center&#8221; header_font_size=&#8221;33px&#8221; header_text_shadow_style=&#8221;preset3&#8243; header_text_shadow_vertical_length=&#8221;-0.12em&#8221; header_text_shadow_blur_strength=&#8221;0.62em&#8221; header_text_shadow_color=&#8221;#6d6d6d&#8221; global_colors_info=&#8221;{%22gcid-2cc79532-d9e9-45c0-b692-e3d4e32d6745%22:%91%22gradient_three_color%22%93,%22gcid-abb6fe42-8f6a-4a63-8617-cc77855943d9%22:%91%22gradient_two_color%22%93}&#8221;][\/dsm_animated_gradient_text][et_pb_text _builder_version=&#8221;4.17.6&#8243; _module_preset=&#8221;default&#8221; text_font=&#8221;Oswald||||||||&#8221; text_text_color=&#8221;#444444&#8243; text_font_size=&#8221;18px&#8221; text_line_height=&#8221;1.8em&#8221; text_orientation=&#8221;center&#8221; global_colors_info=&#8221;{}&#8221;]<\/p>\n<p>Un restaurante diferente, un sue\u00f1o, el de Alex y Reme, que han sabido conjugar la mejor cocina mediterr\u00e1nea y con un ambiente lleno de magia, con una cuidada decoraci\u00f3n de todos los espacios: el restaurante, las piscinas, la zona chill out&#8230;\u00a0 Un espacio sin masificar que invita a vivir y disfrutar el momento.<\/p>\n<p>[\/et_pb_text][\/et_pb_column][\/et_pb_row][et_pb_row column_structure=&#8221;1_2,1_2&#8243; _builder_version=&#8221;4.17.6&#8243; _module_preset=&#8221;default&#8221; custom_padding=&#8221;||0px|||&#8221; global_colors_info=&#8221;{}&#8221;][et_pb_column type=&#8221;1_2&#8243; _builder_version=&#8221;4.17.6&#8243; _module_preset=&#8221;default&#8221; global_colors_info=&#8221;{}&#8221;][et_pb_image src=&#8221;https:\/\/dosllunes.com\/wp-content\/uploads\/2022\/08\/LES-DOS-LLUNES-Alex-Mari.jpg&#8221; alt=&#8221;Carnes a la brasa en Restaurante Les Dos Llunes de Oliva, Valencia&#8221; title_text=&#8221;LES DOS LLUNES Alex Mar\u00ed&#8221; align=&#8221;right&#8221; align_tablet=&#8221;right&#8221; align_phone=&#8221;right&#8221; align_last_edited=&#8221;on|desktop&#8221; _builder_version=&#8221;4.21.2&#8243; _module_preset=&#8221;default&#8221; box_shadow_style=&#8221;preset1&#8243; global_colors_info=&#8221;{}&#8221;][\/et_pb_image][\/et_pb_column][et_pb_column type=&#8221;1_2&#8243; _builder_version=&#8221;4.17.6&#8243; _module_preset=&#8221;default&#8221; global_colors_info=&#8221;{}&#8221;][dsm_gradient_text gradient_text=&#8221;Alex Mar\u00ed&#8221; _builder_version=&#8221;4.17.6&#8243; _module_preset=&#8221;default&#8221; header_font=&#8221;Leckerli One||||||||&#8221; header_text_color=&#8221;gcid-abb6fe42-8f6a-4a63-8617-cc77855943d9&#8243; header_font_size=&#8221;50px&#8221; background_enable_color=&#8221;off&#8221; background_color_gradient_stops=&#8221;gcid-abb6fe42-8f6a-4a63-8617-cc77855943d9 0%|gcid-abb6fe42-8f6a-4a63-8617-cc77855943d9 99%&#8221; text_orientation=&#8221;center&#8221; animation_style=&#8221;fade&#8221; border_color_all=&#8221;gcid-abb6fe42-8f6a-4a63-8617-cc77855943d9&#8243; text_shadow_style=&#8221;preset4&#8243; text_shadow_vertical_length=&#8221;0.1em&#8221; text_shadow_color=&#8221;gcid-2cc79532-d9e9-45c0-b692-e3d4e32d6745&#8243; global_colors_info=&#8221;{%22gcid-2cc79532-d9e9-45c0-b692-e3d4e32d6745%22:%91%22text_shadow_color%22%93,%22gcid-abb6fe42-8f6a-4a63-8617-cc77855943d9%22:%91%22header_text_color%22,%22border_color_all%22,%22background_color%22,%22background_color_gradient_stops%22,%22background_color_gradient_stops%22%93}&#8221;][\/dsm_gradient_text][et_pb_text _builder_version=&#8221;4.17.6&#8243; _module_preset=&#8221;default&#8221; text_font=&#8221;Oswald||||||||&#8221; text_text_color=&#8221;#444444&#8243; text_font_size=&#8221;16px&#8221; text_line_height=&#8221;1.8em&#8221; global_colors_info=&#8221;{}&#8221;]<\/p>\n<p>Es el jefe de cocina de LES DOS LLUNES.<\/p>\n<p>Sus propuestas son siempre de cuidada calidad, respetando la cocina tradicional de Oliva. Los arroces son su pasi\u00f3n, consiguiendo sabores que llegan a emocionar.<\/p>\n<p>[\/et_pb_text][\/et_pb_column][\/et_pb_row][et_pb_row column_structure=&#8221;1_2,1_2&#8243; disabled_on=&#8221;on|on|off&#8221; _builder_version=&#8221;4.17.6&#8243; _module_preset=&#8221;default&#8221; custom_padding=&#8221;||0px|||&#8221; global_colors_info=&#8221;{}&#8221;][et_pb_column type=&#8221;1_2&#8243; _builder_version=&#8221;4.17.6&#8243; _module_preset=&#8221;default&#8221; global_colors_info=&#8221;{}&#8221;][dsm_gradient_text gradient_text=&#8221;Reme Canet&#8221; _builder_version=&#8221;4.17.6&#8243; _module_preset=&#8221;default&#8221; header_font=&#8221;Leckerli One||||||||&#8221; header_text_color=&#8221;gcid-abb6fe42-8f6a-4a63-8617-cc77855943d9&#8243; header_font_size=&#8221;50px&#8221; background_enable_color=&#8221;off&#8221; background_color_gradient_stops=&#8221;gcid-abb6fe42-8f6a-4a63-8617-cc77855943d9 0%|gcid-abb6fe42-8f6a-4a63-8617-cc77855943d9 99%&#8221; text_orientation=&#8221;center&#8221; animation_style=&#8221;fade&#8221; border_color_all=&#8221;gcid-abb6fe42-8f6a-4a63-8617-cc77855943d9&#8243; text_shadow_style=&#8221;preset4&#8243; text_shadow_vertical_length=&#8221;0.1em&#8221; text_shadow_color=&#8221;gcid-2cc79532-d9e9-45c0-b692-e3d4e32d6745&#8243; global_colors_info=&#8221;{%22gcid-2cc79532-d9e9-45c0-b692-e3d4e32d6745%22:%91%22text_shadow_color%22,%22text_shadow_color%22%93,%22gcid-abb6fe42-8f6a-4a63-8617-cc77855943d9%22:%91%22header_text_color%22,%22border_color_all%22,%22background_color%22,%22background_color_gradient_stops%22,%22background_color_gradient_stops%22%93}&#8221;][\/dsm_gradient_text][et_pb_text _builder_version=&#8221;4.17.6&#8243; _module_preset=&#8221;default&#8221; text_font=&#8221;Oswald||||||||&#8221; text_text_color=&#8221;#444444&#8243; text_font_size=&#8221;16px&#8221; text_line_height=&#8221;1.8em&#8221; global_colors_info=&#8221;{}&#8221;]<\/p>\n<p>En la cocina lleva la secci\u00f3n de postres y ella y su equipo en la sala son los embajadores de la cocina en la sala, su amabilidad y buenos consejos aseguran una gran experiencia gastron\u00f3mica.<\/p>\n<p>[\/et_pb_text][\/et_pb_column][et_pb_column type=&#8221;1_2&#8243; _builder_version=&#8221;4.17.6&#8243; _module_preset=&#8221;default&#8221; global_colors_info=&#8221;{}&#8221;][et_pb_image src=&#8221;https:\/\/dosllunes.com\/wp-content\/uploads\/2022\/08\/LES-DOS-LLUNES-Reme-Canet.jpg&#8221; alt=&#8221;LES DOS LLUNES Reme Canet&#8221; title_text=&#8221;LES DOS LLUNES Reme Canet&#8221; align=&#8221;center&#8221; align_tablet=&#8221;center&#8221; align_phone=&#8221;center&#8221; align_last_edited=&#8221;on|desktop&#8221; _builder_version=&#8221;4.21.2&#8243; _module_preset=&#8221;default&#8221; box_shadow_style=&#8221;preset1&#8243; global_colors_info=&#8221;{}&#8221;][\/et_pb_image][\/et_pb_column][\/et_pb_row][et_pb_row column_structure=&#8221;1_2,1_2&#8243; disabled_on=&#8221;off|off|on&#8221; _builder_version=&#8221;4.17.6&#8243; _module_preset=&#8221;default&#8221; custom_padding=&#8221;||0px|||&#8221; global_colors_info=&#8221;{}&#8221;][et_pb_column type=&#8221;1_2&#8243; _builder_version=&#8221;4.17.6&#8243; _module_preset=&#8221;default&#8221; global_colors_info=&#8221;{}&#8221;][et_pb_image src=&#8221;https:\/\/dosllunes.com\/wp-content\/uploads\/2022\/08\/LES-DOS-LLUNES-Reme-Canet.jpg&#8221; alt=&#8221;LES DOS LLUNES Reme Canet&#8221; title_text=&#8221;LES DOS LLUNES Reme Canet&#8221; align=&#8221;center&#8221; align_tablet=&#8221;center&#8221; align_phone=&#8221;center&#8221; align_last_edited=&#8221;on|desktop&#8221; _builder_version=&#8221;4.21.2&#8243; _module_preset=&#8221;default&#8221; box_shadow_style=&#8221;preset1&#8243; global_colors_info=&#8221;{}&#8221;][\/et_pb_image][\/et_pb_column][et_pb_column type=&#8221;1_2&#8243; _builder_version=&#8221;4.17.6&#8243; _module_preset=&#8221;default&#8221; global_colors_info=&#8221;{}&#8221;][dsm_gradient_text gradient_text=&#8221;Reme Canet&#8221; _builder_version=&#8221;4.17.6&#8243; _module_preset=&#8221;default&#8221; header_font=&#8221;Leckerli One||||||||&#8221; header_text_color=&#8221;gcid-abb6fe42-8f6a-4a63-8617-cc77855943d9&#8243; header_font_size=&#8221;50px&#8221; background_enable_color=&#8221;off&#8221; background_color_gradient_stops=&#8221;gcid-abb6fe42-8f6a-4a63-8617-cc77855943d9 0%|gcid-abb6fe42-8f6a-4a63-8617-cc77855943d9 99%&#8221; text_orientation=&#8221;center&#8221; animation_style=&#8221;fade&#8221; border_color_all=&#8221;gcid-abb6fe42-8f6a-4a63-8617-cc77855943d9&#8243; text_shadow_style=&#8221;preset4&#8243; text_shadow_vertical_length=&#8221;0.1em&#8221; text_shadow_color=&#8221;gcid-2cc79532-d9e9-45c0-b692-e3d4e32d6745&#8243; global_colors_info=&#8221;{%22gcid-2cc79532-d9e9-45c0-b692-e3d4e32d6745%22:%91%22text_shadow_color%22,%22text_shadow_color%22%93,%22gcid-abb6fe42-8f6a-4a63-8617-cc77855943d9%22:%91%22header_text_color%22,%22border_color_all%22,%22background_color%22,%22background_color_gradient_stops%22,%22background_color_gradient_stops%22%93}&#8221;][\/dsm_gradient_text][et_pb_text _builder_version=&#8221;4.17.6&#8243; _module_preset=&#8221;default&#8221; text_font=&#8221;Oswald||||||||&#8221; text_text_color=&#8221;#444444&#8243; text_font_size=&#8221;16px&#8221; text_line_height=&#8221;1.8em&#8221; global_colors_info=&#8221;{}&#8221;]<\/p>\n<p>En la cocina lleva la secci\u00f3n de postres y ella y su equipo en la sala son los embajadores de la cocina en la sala, su amabilidad y buenos consejos aseguran una gran experiencia gastron\u00f3mica.<\/p>\n<p>[\/et_pb_text][\/et_pb_column][\/et_pb_row][\/et_pb_section][et_pb_section fb_built=&#8221;1&#8243; _builder_version=&#8221;4.17.6&#8243; _module_preset=&#8221;default&#8221; global_colors_info=&#8221;{}&#8221;][et_pb_row _builder_version=&#8221;4.17.6&#8243; _module_preset=&#8221;default&#8221; global_colors_info=&#8221;{}&#8221;][et_pb_column type=&#8221;4_4&#8243; _builder_version=&#8221;4.17.6&#8243; _module_preset=&#8221;default&#8221; global_colors_info=&#8221;{}&#8221;][dsm_animated_gradient_text animated_gradient_text=&#8221;Te esperamos en LES DOS LLUNES&#8221; heading_html_tag=&#8221;h1&#8243; gradient_two_color=&#8221;gcid-abb6fe42-8f6a-4a63-8617-cc77855943d9&#8243; gradient_three_color=&#8221;gcid-2cc79532-d9e9-45c0-b692-e3d4e32d6745&#8243; gradient_four_color=&#8221;#0C71C3&#8243; _builder_version=&#8221;4.17.6&#8243; _module_preset=&#8221;default&#8221; header_font=&#8221;Oswald|500||||on|||&#8221; header_text_align=&#8221;center&#8221; header_font_size=&#8221;33px&#8221; global_colors_info=&#8221;{%22gcid-2cc79532-d9e9-45c0-b692-e3d4e32d6745%22:%91%22gradient_three_color%22%93,%22gcid-abb6fe42-8f6a-4a63-8617-cc77855943d9%22:%91%22gradient_two_color%22%93}&#8221;][\/dsm_animated_gradient_text][\/et_pb_column][\/et_pb_row][et_pb_row _builder_version=&#8221;4.17.6&#8243; _module_preset=&#8221;default&#8221; global_colors_info=&#8221;{}&#8221;][et_pb_column type=&#8221;4_4&#8243; _builder_version=&#8221;4.17.6&#8243; _module_preset=&#8221;default&#8221; global_colors_info=&#8221;{}&#8221;][dsm_button button_one_text=&#8221;Bookings &#8211; 962 85 63 51&#8243; button_one_url_type=&#8221;phone&#8221; button_one_phone_number=&#8221;+34962856351&#8243; button_alignment=&#8221;center&#8221; _builder_version=&#8221;4.17.6&#8243; _module_preset=&#8221;default&#8221; custom_button_one=&#8221;on&#8221; button_one_text_size=&#8221;24px&#8221; button_one_text_color=&#8221;gcid-abb6fe42-8f6a-4a63-8617-cc77855943d9&#8243; button_one_border_radius=&#8221;100px&#8221; button_one_font=&#8221;Oswald|||||on|||&#8221; button_one_icon=&#8221;&#xe090;||divi||400&#8243; button_one_icon_color=&#8221;gcid-2cc79532-d9e9-45c0-b692-e3d4e32d6745&#8243; button_one_icon_placement=&#8221;left&#8221; button_one_on_hover=&#8221;off&#8221; box_shadow_style_button_one=&#8221;preset3&#8243; box_shadow_horizontal_button_one=&#8221;-1px&#8221; box_shadow_blur_button_one=&#8221;19px&#8221; box_shadow_spread_button_one=&#8221;-9px&#8221; global_colors_info=&#8221;{%22gcid-abb6fe42-8f6a-4a63-8617-cc77855943d9%22:%91%22button_one_text_color%22%93,%22gcid-2cc79532-d9e9-45c0-b692-e3d4e32d6745%22:%91%22button_one_icon_color%22%93}&#8221;][\/dsm_button][\/et_pb_column][\/et_pb_row][\/et_pb_section]<\/p>\n","protected":false},"excerpt":{"rendered":"<p>Closed for rest from January 23 to February 9<div class=\"et_pb_module dsm_animated_gradient_text dsm_animated_gradient_text_0\">\n\t\t\t\t\n\t\t\t\t\n\t\t\t\t\n\t\t\t\t\n\t\t\t\t\n\t\t\t\t\n\t\t\t\t<div class=\"et_pb_module_inner\">\n\t\t\t\t\t<h1 class=\"dsm-animated-gradient-text et_pb_module_header\">les dos llunes, una historia de pasi\u00f3n por la cocina desde 1997<\/h1>\n\t\t\t\t<\/div>\n\t\t\t<\/div>Un restaurante diferente, un sue\u00f1o, el de Alex y Reme, que han sabido conjugar la mejor cocina mediterr\u00e1nea y con un ambiente lleno de magia, con una cuidada decoraci\u00f3n de todos los espacios: el restaurante, las piscinas, la zona chill out&#8230;\u00a0 Un espacio sin masificar que invita a vivir y disfrutar el momento.<div class=\"et_pb_with_border et_pb_module dsm_gradient_text dsm_gradient_text_0 et_animated  et_pb_text_align_center\">\n\t\t\t\t\n\t\t\t\t\n\t\t\t\t\n\t\t\t\t\n\t\t\t\t\n\t\t\t\t\n\t\t\t\t<div class=\"et_pb_module_inner\">\n\t\t\t\t\t<h1 class=\"dsm-gradient-text et_pb_module_header\">Alex Mar\u00ed<\/h1>\n\t\t\t\t<\/div>\n\t\t\t<\/div>Es el jefe de cocina de LES DOS LLUNES. Sus propuestas son siempre de cuidada calidad, respetando la cocina tradicional de Oliva. Los arroces son su pasi\u00f3n, consiguiendo sabores que llegan a emocionar.<div class=\"et_pb_with_border et_pb_module dsm_gradient_text dsm_gradient_text_1 et_animated  et_pb_text_align_center\">\n\t\t\t\t\n\t\t\t\t\n\t\t\t\t\n\t\t\t\t\n\t\t\t\t\n\t\t\t\t\n\t\t\t\t<div class=\"et_pb_module_inner\">\n\t\t\t\t\t<h1 class=\"dsm-gradient-text et_pb_module_header\">Reme Canet<\/h1>\n\t\t\t\t<\/div>\n\t\t\t<\/div>En la cocina lleva la secci\u00f3n de postres y ella y su equipo en la sala son los embajadores [&hellip;]<\/p>\n","protected":false},"author":1,"featured_media":0,"parent":0,"menu_order":0,"comment_status":"closed","ping_status":"closed","template":"","meta":{"_et_pb_use_builder":"on","_et_pb_old_content":"","_et_gb_content_width":"","footnotes":""},"class_list":["post-876","page","type-page","status-publish","hentry"],"yoast_head":"<!-- This site is optimized with the Yoast SEO plugin v27.4 - https:\/\/yoast.com\/product\/yoast-seo-wordpress\/ -->\n<title>About Us - Restaurante Les Dos Llunes en Oliva<\/title>\n<meta name=\"description\" content=\"A different restaurant, a dream, that of Alex and Reme, who have managed to combine the best Mediterranean cuisine with an atmosphere\" \/>\n<meta name=\"robots\" content=\"index, follow, max-snippet:-1, max-image-preview:large, max-video-preview:-1\" \/>\n<link rel=\"canonical\" href=\"https:\/\/dosllunes.com\/en\/about-us\/\" \/>\n<meta property=\"og:locale\" content=\"en_US\" \/>\n<meta property=\"og:type\" content=\"article\" \/>\n<meta property=\"og:title\" content=\"About Us - Restaurante Les Dos Llunes en Oliva\" \/>\n<meta property=\"og:description\" content=\"A different restaurant, a dream, that of Alex and Reme, who have managed to combine the best Mediterranean cuisine with an atmosphere\" \/>\n<meta property=\"og:url\" content=\"https:\/\/dosllunes.com\/en\/about-us\/\" \/>\n<meta property=\"og:site_name\" content=\"Restaurante Les Dos Llunes en Oliva\" \/>\n<meta property=\"article:modified_time\" content=\"2025-01-09T11:44:16+00:00\" \/>\n<meta name=\"twitter:card\" content=\"summary_large_image\" \/>\n<meta name=\"twitter:label1\" content=\"Est. reading time\" \/>\n\t<meta name=\"twitter:data1\" content=\"2 minutes\" \/>\n<script type=\"application\/ld+json\" class=\"yoast-schema-graph\">{\"@context\":\"https:\\\/\\\/schema.org\",\"@graph\":[{\"@type\":\"WebPage\",\"@id\":\"https:\\\/\\\/dosllunes.com\\\/en\\\/about-us\\\/\",\"url\":\"https:\\\/\\\/dosllunes.com\\\/en\\\/about-us\\\/\",\"name\":\"About Us - Restaurante Les Dos Llunes en Oliva\",\"isPartOf\":{\"@id\":\"https:\\\/\\\/dosllunes.com\\\/en\\\/#website\"},\"datePublished\":\"2022-08-05T08:36:10+00:00\",\"dateModified\":\"2025-01-09T11:44:16+00:00\",\"description\":\"A different restaurant, a dream, that of Alex and Reme, who have managed to combine the best Mediterranean cuisine with an atmosphere\",\"breadcrumb\":{\"@id\":\"https:\\\/\\\/dosllunes.com\\\/en\\\/about-us\\\/#breadcrumb\"},\"inLanguage\":\"en-US\",\"potentialAction\":[{\"@type\":\"ReadAction\",\"target\":[\"https:\\\/\\\/dosllunes.com\\\/en\\\/about-us\\\/\"]}]},{\"@type\":\"BreadcrumbList\",\"@id\":\"https:\\\/\\\/dosllunes.com\\\/en\\\/about-us\\\/#breadcrumb\",\"itemListElement\":[{\"@type\":\"ListItem\",\"position\":1,\"name\":\"Portada\",\"item\":\"https:\\\/\\\/dosllunes.com\\\/en\\\/\"},{\"@type\":\"ListItem\",\"position\":2,\"name\":\"About Us\"}]},{\"@type\":\"WebSite\",\"@id\":\"https:\\\/\\\/dosllunes.com\\\/en\\\/#website\",\"url\":\"https:\\\/\\\/dosllunes.com\\\/en\\\/\",\"name\":\"Restaurante Les Dos Llunes en Oliva\",\"description\":\"Cocina mediterr\u00e1nea especializada en arroces y carnes a la brasa. \u00a1Disfruta de nuestras piscinas y zona chill out!\",\"potentialAction\":[{\"@type\":\"SearchAction\",\"target\":{\"@type\":\"EntryPoint\",\"urlTemplate\":\"https:\\\/\\\/dosllunes.com\\\/en\\\/?s={search_term_string}\"},\"query-input\":{\"@type\":\"PropertyValueSpecification\",\"valueRequired\":true,\"valueName\":\"search_term_string\"}}],\"inLanguage\":\"en-US\"}]}<\/script>\n<!-- \/ Yoast SEO plugin. -->","yoast_head_json":{"title":"About Us - Restaurante Les Dos Llunes en Oliva","description":"A different restaurant, a dream, that of Alex and Reme, who have managed to combine the best Mediterranean cuisine with an atmosphere","robots":{"index":"index","follow":"follow","max-snippet":"max-snippet:-1","max-image-preview":"max-image-preview:large","max-video-preview":"max-video-preview:-1"},"canonical":"https:\/\/dosllunes.com\/en\/about-us\/","og_locale":"en_US","og_type":"article","og_title":"About Us - Restaurante Les Dos Llunes en Oliva","og_description":"A different restaurant, a dream, that of Alex and Reme, who have managed to combine the best Mediterranean cuisine with an atmosphere","og_url":"https:\/\/dosllunes.com\/en\/about-us\/","og_site_name":"Restaurante Les Dos Llunes en Oliva","article_modified_time":"2025-01-09T11:44:16+00:00","twitter_card":"summary_large_image","twitter_misc":{"Est. reading time":"2 minutes"},"schema":{"@context":"https:\/\/schema.org","@graph":[{"@type":"WebPage","@id":"https:\/\/dosllunes.com\/en\/about-us\/","url":"https:\/\/dosllunes.com\/en\/about-us\/","name":"About Us - Restaurante Les Dos Llunes en Oliva","isPartOf":{"@id":"https:\/\/dosllunes.com\/en\/#website"},"datePublished":"2022-08-05T08:36:10+00:00","dateModified":"2025-01-09T11:44:16+00:00","description":"A different restaurant, a dream, that of Alex and Reme, who have managed to combine the best Mediterranean cuisine with an atmosphere","breadcrumb":{"@id":"https:\/\/dosllunes.com\/en\/about-us\/#breadcrumb"},"inLanguage":"en-US","potentialAction":[{"@type":"ReadAction","target":["https:\/\/dosllunes.com\/en\/about-us\/"]}]},{"@type":"BreadcrumbList","@id":"https:\/\/dosllunes.com\/en\/about-us\/#breadcrumb","itemListElement":[{"@type":"ListItem","position":1,"name":"Portada","item":"https:\/\/dosllunes.com\/en\/"},{"@type":"ListItem","position":2,"name":"About Us"}]},{"@type":"WebSite","@id":"https:\/\/dosllunes.com\/en\/#website","url":"https:\/\/dosllunes.com\/en\/","name":"Restaurante Les Dos Llunes en Oliva","description":"Cocina mediterr\u00e1nea especializada en arroces y carnes a la brasa. \u00a1Disfruta de nuestras piscinas y zona chill out!","potentialAction":[{"@type":"SearchAction","target":{"@type":"EntryPoint","urlTemplate":"https:\/\/dosllunes.com\/en\/?s={search_term_string}"},"query-input":{"@type":"PropertyValueSpecification","valueRequired":true,"valueName":"search_term_string"}}],"inLanguage":"en-US"}]}},"_links":{"self":[{"href":"https:\/\/dosllunes.com\/en\/wp-json\/wp\/v2\/pages\/876","targetHints":{"allow":["GET"]}}],"collection":[{"href":"https:\/\/dosllunes.com\/en\/wp-json\/wp\/v2\/pages"}],"about":[{"href":"https:\/\/dosllunes.com\/en\/wp-json\/wp\/v2\/types\/page"}],"author":[{"embeddable":true,"href":"https:\/\/dosllunes.com\/en\/wp-json\/wp\/v2\/users\/1"}],"replies":[{"embeddable":true,"href":"https:\/\/dosllunes.com\/en\/wp-json\/wp\/v2\/comments?post=876"}],"version-history":[{"count":9,"href":"https:\/\/dosllunes.com\/en\/wp-json\/wp\/v2\/pages\/876\/revisions"}],"predecessor-version":[{"id":1422,"href":"https:\/\/dosllunes.com\/en\/wp-json\/wp\/v2\/pages\/876\/revisions\/1422"}],"wp:attachment":[{"href":"https:\/\/dosllunes.com\/en\/wp-json\/wp\/v2\/media?parent=876"}],"curies":[{"name":"wp","href":"https:\/\/api.w.org\/{rel}","templated":true}]}}